{"id":34,"date":"2013-03-21T17:27:58","date_gmt":"2013-03-21T16:27:58","guid":{"rendered":"http:\/\/www.milosnicylasu.olsztyn.pl\/?page_id=34"},"modified":"2026-04-20T09:45:38","modified_gmt":"2026-04-20T07:45:38","slug":"zarzad-kola","status":"publish","type":"page","link":"https:\/\/www.milosnicylasu.olsztyn.pl\/?page_id=34","title":{"rendered":"Zarz\u0105d Ko\u0142a"},"content":{"rendered":"<p><strong>Zarz\u0105d Ko\u0142a:<\/strong><\/p>\n<table class=\"table table-hover\">\n<tbody>\n<tr>\n<td width=\"234\">Anatol Leszczy\u0144ski<\/td>\n<td width=\"489\">\u00a0prezes Ko\u0142a<\/td>\n<\/tr>\n<tr>\n<td width=\"234\">Adam Siemakowicz<\/td>\n<td width=\"489\">\u00a0v &#8211; ce prezes<\/td>\n<\/tr>\n<tr>\n<td width=\"234\"><\/td>\n<td width=\"489\"><\/td>\n<\/tr>\n<tr>\n<td width=\"234\">Stefania Jarczyk<\/td>\n<td width=\"489\">sekretarz<\/td>\n<\/tr>\n<tr>\n<td width=\"234\">Wies\u0142awa Filipek<\/td>\n<td width=\"489\">skarbnik<\/td>\n<\/tr>\n<tr>\n<td width=\"234\">Krystyna Leszczy\u0144ska<\/td>\n<td width=\"489\">cz\u0142onek zarz\u0105du,redaktor strony\u00a0 internetowej Ko\u0142a<\/td>\n<\/tr>\n<tr>\n<td width=\"234\">Maria Igli\u0144ska<\/td>\n<td width=\"489\">cz\u0142onek zarz\u0105du<\/td>\n<\/tr>\n<tr>\n<td width=\"234\">J\u00f3zef Gazda<\/td>\n<td width=\"489\">cz\u0142onek zarz\u0105du<\/td>\n<\/tr>\n<tr>\n<td width=\"234\"><\/td>\n<td width=\"489\"><\/td>\n<\/tr>\n<tr>\n<td width=\"234\"><\/td>\n<td width=\"489\"><\/td>\n<\/tr>\n<\/tbody>\n<\/table>\n<p>&nbsp;<\/p>\n<p><strong>\u00a0<\/strong><\/p>\n","protected":false},"excerpt":{"rendered":"<p>Zarz\u0105d Ko\u0142a: Anatol Leszczy\u0144ski \u00a0prezes Ko\u0142a Adam Siemakowicz \u00a0v &#8211; ce prezes Stefania Jarczyk sekretarz Wies\u0142awa Filipek skarbnik Krystyna Leszczy\u0144ska cz\u0142onek zarz\u0105du,redaktor strony\u00a0 internetowej Ko\u0142a Maria Igli\u0144ska cz\u0142onek zarz\u0105du J\u00f3zef Gazda cz\u0142onek zarz\u0105du &nbsp; \u00a0<\/p>\n","protected":false},"author":1,"featured_media":0,"parent":0,"menu_order":2,"comment_status":"open","ping_status":"open","template":"","meta":{"footnotes":""},"class_list":["post-34","page","type-page","status-publish","hentry"],"_links":{"self":[{"href":"https:\/\/www.milosnicylasu.olsztyn.pl\/index.php?rest_route=\/wp\/v2\/pages\/34","targetHints":{"allow":["GET"]}}],"collection":[{"href":"https:\/\/www.milosnicylasu.olsztyn.pl\/index.php?rest_route=\/wp\/v2\/pages"}],"about":[{"href":"https:\/\/www.milosnicylasu.olsztyn.pl\/index.php?rest_route=\/wp\/v2\/types\/page"}],"author":[{"embeddable":true,"href":"https:\/\/www.milosnicylasu.olsztyn.pl\/index.php?rest_route=\/wp\/v2\/users\/1"}],"replies":[{"embeddable":true,"href":"https:\/\/www.milosnicylasu.olsztyn.pl\/index.php?rest_route=%2Fwp%2Fv2%2Fcomments&post=34"}],"version-history":[{"count":61,"href":"https:\/\/www.milosnicylasu.olsztyn.pl\/index.php?rest_route=\/wp\/v2\/pages\/34\/revisions"}],"predecessor-version":[{"id":9919,"href":"https:\/\/www.milosnicylasu.olsztyn.pl\/index.php?rest_route=\/wp\/v2\/pages\/34\/revisions\/9919"}],"wp:attachment":[{"href":"https:\/\/www.milosnicylasu.olsztyn.pl\/index.php?rest_route=%2Fwp%2Fv2%2Fmedia&parent=34"}],"curies":[{"name":"wp","href":"https:\/\/api.w.org\/{rel}","templated":true}]}}